{"id":547,"date":"2020-06-26T10:30:35","date_gmt":"2020-06-26T08:30:35","guid":{"rendered":"http:\/\/dev.zaleskahalda.pl\/?page_id=547"},"modified":"2026-04-30T11:41:37","modified_gmt":"2026-04-30T09:41:37","slug":"plan-i-harmonogram-zajec","status":"publish","type":"page","link":"https:\/\/zaleskahalda.pl\/index.php\/klub-plus\/plan-i-harmonogram-zajec\/","title":{"rendered":"Kontakt, plan i harmonogram zaj\u0119\u0107"},"content":{"rendered":"\n<h2 class=\"wp-block-heading\"><strong>KONTAKT, PLAN I HARMONOGRAM ZAJ\u0118\u0106<\/strong><\/h2>\n\n\n\n<h2 class=\"wp-block-heading has-black-color has-text-color\"><strong>Siedziba  &#8211;  <em>pawilon przy ul. Witosa 17<\/em><\/strong><\/h2>\n\n\n<div class=\"wp-block-image is-style-default\">\n<figure class=\"aligncenter size-large is-resized\"><img loading=\"lazy\" decoding=\"async\" width=\"649\" height=\"1024\" src=\"https:\/\/zaleskahalda.pl\/wp-content\/uploads\/2024\/04\/DSC01641-649x1024.jpg\" alt=\"\" class=\"wp-image-6651\" style=\"width:532px;height:839px\" srcset=\"https:\/\/zaleskahalda.pl\/wp-content\/uploads\/2024\/04\/DSC01641-649x1024.jpg 649w, https:\/\/zaleskahalda.pl\/wp-content\/uploads\/2024\/04\/DSC01641-190x300.jpg 190w, https:\/\/zaleskahalda.pl\/wp-content\/uploads\/2024\/04\/DSC01641-768x1211.jpg 768w, https:\/\/zaleskahalda.pl\/wp-content\/uploads\/2024\/04\/DSC01641-974x1536.jpg 974w, https:\/\/zaleskahalda.pl\/wp-content\/uploads\/2024\/04\/DSC01641-1299x2048.jpg 1299w, https:\/\/zaleskahalda.pl\/wp-content\/uploads\/2024\/04\/DSC01641-scaled.jpg 1624w\" sizes=\"auto, (max-width: 649px) 100vw, 649px\" \/><\/figure>\n<\/div>\n\n\n<p><\/p>\n\n\n\n<h2 class=\"wp-block-heading has-text-align-center has-black-color has-text-color\"><strong><em>Godziny pracy klubu :<\/em><\/strong><\/h2>\n\n\n\n<h2 class=\"wp-block-heading has-text-align-center has-black-color has-text-color\"><strong>Poniedzia\u0142ek &#8211; 9.00 &#8211; 20.00<\/strong><\/h2>\n\n\n\n<h2 class=\"wp-block-heading has-text-align-center has-black-color has-text-color\"><strong>Wtorek           &#8211; 9.00 &#8211; 20.00<\/strong><\/h2>\n\n\n\n<h2 class=\"wp-block-heading has-text-align-center has-black-color has-text-color\"><strong>\u015aroda              &#8211; 11.00 &#8211; 20.00<\/strong><\/h2>\n\n\n\n<h2 class=\"wp-block-heading has-text-align-center has-black-color has-text-color\"><strong>Czwartek        &#8211; 11.00 &#8211; 20.00<\/strong><\/h2>\n\n\n\n<h2 class=\"wp-block-heading has-text-align-center has-black-color has-text-color\"><strong>Pi\u0105tek              &#8211; 12.00 &#8211; 18.00<\/strong><\/h2>\n\n\n\n<h2 class=\"wp-block-heading has-black-color has-text-color\"><strong><em>Telefon<\/em> &#8211; 32 254 75 41<\/strong><\/h2>\n\n\n\n<p class=\"has-text-align-center\">&#8212;&#8212;&#8212;&#8212;&#8212;&#8212;&#8212;&#8212;&#8212;&#8212;&#8212;&#8212;&#8212;&#8212;&#8212;&#8212;&#8212;&#8212;&#8212;&#8212;&#8212;&#8212;&#8212;&#8212;&#8212;&#8212;&#8212;&#8212;&#8212;&#8212;&#8212;-<\/p>\n\n\n\n<p class=\"has-medium-font-size\"><strong>Zaj\u0119cia dla dzieci szkolnych<\/strong> w ramach &#8222;Akcji Lato 2026&#8221; w czasie wakacji w miesi\u0105cu sierpniu. Atrakcyjny wypoczynek i zabawa dla tych, kt\u00f3rzy nie wyjad\u0105 z miasta \/zaj\u0119cia bezp\u0142atne \/<\/p>\n\n\n\n<p class=\"has-vivid-red-color has-text-color\"><strong>Poniedzia\u0142ek &#8211; pi\u0105tek w godz. od 09.00 do 15.00<\/strong><\/p>\n\n\n\n<p class=\"has-text-align-center\">&#8212;&#8212;&#8212;&#8212;&#8212;&#8212;&#8212;&#8212;&#8212;&#8212;&#8212;&#8212;&#8212;&#8212;&#8212;&#8212;&#8212;&#8212;&#8212;&#8212;&#8212;&#8212;&#8212;&#8212;&#8212;&#8212;&#8212;&#8212;&#8212;&#8212;&#8212;&#8212;&#8212;&#8212;&#8212;<\/p>\n\n\n\n<p class=\"has-medium-font-size\"><strong>Nauka gry na pianinie <\/strong>&#8211; indywidualne zaj\u0119cia dla dzieci i doros\u0142ych<\/p>\n\n\n\n<p class=\"has-vivid-red-color has-text-color\"><strong>Poniedzia\u0142ek &#8211; od godz. 13.00, \u015broda &#8211; od godz. 15.00<\/strong><\/p>\n\n\n\n<p class=\"has-text-align-center\">&#8212;&#8212;&#8212;&#8212;&#8212;&#8212;&#8212;&#8212;&#8212;&#8212;&#8212;&#8212;&#8212;&#8212;&#8212;&#8212;&#8212;&#8212;&#8212;&#8212;&#8212;&#8212;&#8212;&#8212;&#8212;&#8212;&#8212;&#8212;&#8212;&#8212;&#8212;&#8212;&#8212;&#8212;&#8212;&#8212;&#8211;<\/p>\n\n\n\n<p class=\"has-medium-font-size\"><strong>Pilates z elementami jogi<\/strong> <\/p>\n\n\n\n<p class=\"has-vivid-red-color has-text-color\"><strong>Wtorek, czwartek &#8211; godz. 17.00 &#8211; I grupa, godz. 18.15 &#8211; II grupa<\/strong>  <\/p>\n\n\n\n<p class=\"has-text-align-center has-black-color has-text-color\">&#8212;&#8212;&#8212;&#8212;&#8212;&#8212;&#8212;&#8212;&#8212;&#8212;&#8212;&#8212;&#8212;&#8212;&#8212;&#8212;&#8212;&#8212;&#8212;&#8212;&#8212;&#8212;&#8212;&#8212;&#8212;&#8212;&#8212;&#8212;&#8212;&#8212;&#8212;&#8212;-     <\/p>\n\n\n\n<p class=\"has-medium-font-size\"><strong>Choreoterapia<\/strong> dla senior\u00f3w \/ zaj\u0119cia bezp\u0142atne \/<\/p>\n\n\n\n<p class=\"has-vivid-red-color has-text-color\"><strong> Czwartek &#8211; godz. 12.00<\/strong><\/p>\n\n\n\n<p class=\"has-text-align-center\">&#8212;&#8212;&#8212;&#8212;&#8212;&#8212;&#8212;&#8212;&#8212;&#8212;&#8212;&#8212;&#8212;&#8212;&#8212;&#8212;&#8212;&#8212;&#8212;&#8212;&#8212;&#8212;&#8212;&#8212;&#8212;&#8212;&#8212;&#8212;&#8212;&#8212;&#8212;&#8212;&#8212;&#8212;-<\/p>\n\n\n\n<p class=\"has-medium-font-size\"><strong>Akademia Ta\u0144ca Move <\/strong>&#8211; zaj\u0119cia dla dzieci przedszkolnych<\/p>\n\n\n\n<p class=\"has-vivid-red-color has-text-color\"><strong>\u015aroda &#8211;  godz. 17.00 <\/strong><\/p>\n\n\n\n<p>&#8212;&#8212;&#8212;&#8212;&#8212;&#8212;&#8212;&#8212;&#8212;&#8212;&#8212;&#8212;&#8212;&#8212;&#8212;&#8212;&#8212;&#8212;&#8212;&#8212;&#8212;&#8212;&#8212;&#8212;&#8212;&#8212;&#8212;&#8212;&#8212;&#8212;&#8212;&#8212;&#8212;&#8212;&#8212;&#8212;-<\/p>\n\n\n\n<p class=\"has-medium-font-size\"><strong>Akrobatyka  u  Cie\u015blika<\/strong> &#8211; zaj\u0119cia z akrobatyki sportowej dla dzieci i m\u0142odzie\u017cy<\/p>\n\n\n\n<p class=\"has-vivid-red-color has-text-color has-link-color wp-elements-4b7b066dc31ae7bc8977d376c2fc051d\"><strong>Poniedzia\u0142ek, \u015broda &#8211; I grupa godz. 17.50,  II grupa godz. 18.50<\/strong>  \/ z wy\u0142\u0105czeniem jednego poniedzia\u0142ku w miesi\u0105cu \/<\/p>\n\n\n\n<p>&#8212;&#8212;&#8212;&#8212;&#8212;&#8212;&#8212;&#8212;&#8212;&#8212;&#8212;&#8212;&#8212;&#8212;&#8212;&#8212;&#8212;&#8212;&#8212;&#8212;&#8212;&#8212;&#8212;&#8212;&#8212;&#8212;&#8212;&#8212;&#8212;&#8212;&#8212;&#8212;&#8212;&#8212;&#8212;&#8212;<\/p>\n\n\n\n<p class=\"has-medium-font-size\"><strong>Ko\u0142o R\u0119kodzie\u0142a Artystycznego &#8222;Irena&#8221; <\/strong> \/ zaj\u0119cia bezp\u0142atne \/<\/p>\n\n\n\n<p class=\"has-vivid-red-color has-text-color\"><strong>Poniedzia\u0142ek godz. 10.00<\/strong><\/p>\n\n\n\n<p class=\"has-text-align-center\">&#8212;&#8212;&#8212;&#8212;&#8212;&#8212;&#8212;&#8212;&#8212;&#8212;&#8212;&#8212;&#8212;&#8212;&#8212;&#8212;&#8212;&#8212;&#8212;&#8212;&#8212;&#8212;&#8212;&#8212;&#8212;&#8212;&#8212;&#8212;&#8212;&#8212;&#8212;&#8212;&#8212;&#8212;&#8212;&#8212;&#8211;<\/p>\n\n\n\n<p class=\"has-medium-font-size\"><strong>Ko\u0142o bryd\u017ca sportowego<\/strong> dla pasjonat\u00f3w gry w karty \/ zaj\u0119cia bezp\u0142atne \/<\/p>\n\n\n\n<p class=\"has-vivid-red-color has-text-color\"><strong>Czwartek od godz. 13.00<\/strong><\/p>\n\n\n\n<p class=\"has-text-align-center\">&#8212;&#8212;&#8212;&#8212;&#8212;&#8212;&#8212;&#8212;&#8212;&#8212;&#8212;&#8212;&#8212;&#8212;&#8212;&#8212;&#8212;&#8212;&#8212;&#8212;&#8212;&#8212;&#8212;&#8212;&#8212;&#8212;&#8212;&#8212;&#8212;&#8212;&#8212;&#8212;&#8212;&#8212;&#8212;&#8212;&#8211;<\/p>\n\n\n\n<p class=\"has-medium-font-size\"><strong>Rodzinny Klub Turystyki Kolarskiej &#8222;Wagabunda&#8221; <\/strong>zaprasza na spotkania i zach\u0119ca do udzia\u0142u w wycieczkach i rajdach rowerowych<\/p>\n\n\n\n<p class=\"has-vivid-red-color has-text-color\"><strong>\u015aroda o godz. 18.00<\/strong><\/p>\n\n\n\n<p class=\"has-text-align-center\">&#8212;&#8212;&#8212;&#8212;&#8212;&#8212;&#8212;&#8212;&#8212;&#8212;&#8212;&#8212;&#8212;&#8212;&#8212;&#8212;&#8212;&#8212;&#8212;&#8212;&#8212;&#8212;&#8212;&#8212;&#8212;&#8212;&#8212;&#8212;&#8212;&#8212;&#8212;&#8212;&#8212;&#8212;&#8212;&#8212;&#8211;<\/p>\n\n\n\n<p class=\"has-medium-font-size\"><strong>Mi\u0119dzypokoleniowe spotkania i imprezy integracyjne<\/strong><br>wsp\u00f3lne dla dzieci, dziadk\u00f3w i rodzic\u00f3w, kt\u00f3rych celem jest lepsze poznanie oczekiwa\u0144, potrzeb i zachowa\u0144 kilku pokole\u0144 naszych mieszka\u0144c\u00f3w w czasie zabawy, wyst\u0119p\u00f3w artystycznych oraz widowisk z okazji Dnia Babci i Dziadka, Dnia Kobiet, Matki i Ojca, Dnia Dziecka, Dnia Seniora, Andrzejek i Miko\u0142aja<\/p>\n\n\n\n<p class=\"has-text-align-center\">&#8212;&#8212;&#8212;&#8212;&#8212;&#8212;&#8212;&#8212;&#8212;&#8212;&#8212;&#8212;&#8212;&#8212;&#8212;&#8212;&#8212;&#8212;&#8212;&#8212;&#8212;&#8212;&#8212;&#8212;&#8212;&#8212;&#8212;&#8212;&#8212;&#8212;&#8212;&#8212;&#8212;&#8212;&#8212;&#8212;&#8211;<\/p>\n\n\n\n<p class=\"has-medium-font-size\"><strong>Ko\u0142o nr 14 Polskiego Zwi\u0105zku Emeryt\u00f3w Rencist\u00f3w i Inwalid\u00f3w<\/strong><br>spotkania okoliczno\u015bciowe i uroczyste obchody Dnia Seniora, Dnia Kobiet i Matki, Op\u0142atek i Wiecz\u00f3r Kol\u0119dowy, wyst\u0119py a tak\u017ce pokazy artystyczne, wieczorki taneczne z okazji karnawa\u0142u, wsp\u00f3lne wycieczki krajoznawczo &#8211; turystyczne, oferty wczas\u00f3w krajowych i zagranicznych<\/p>\n\n\n\n<p class=\"has-vivid-red-color has-text-color\"><strong>Pi\u0105tek &#8211; godzina 14.00<\/strong><\/p>\n\n\n\n<p class=\"has-text-align-center\">&#8212;&#8212;&#8212;&#8212;&#8212;&#8212;&#8212;&#8212;&#8212;&#8212;&#8212;&#8212;&#8212;&#8212;&#8212;&#8212;&#8212;&#8212;&#8212;&#8212;&#8212;&#8212;&#8212;&#8212;&#8212;&#8212;&#8212;&#8212;&#8212;&#8212;&#8212;&#8212;&#8212;&#8212;&#8212;<\/p>\n\n\n\n<p class=\"has-medium-font-size\"><strong>Klub Seniora <em>Witosa<\/em> PKPS<\/strong><\/p>\n\n\n\n<p class=\"has-medium-font-size\">regularne spotkania towarzyskie i uroczysto\u015bci z okazji powitania wiosny, lata i jesieni, Dnia Seniora, Andrzejek, Wigilia, Dzie\u0144 Babci i Dziadka, Wielkanocne \u015aniadanie, Dzie\u0144 Kobiet i Matki\/ Ojca. Wyst\u0119py grup dzieci i m\u0142odzie\u017cy ze szk\u00f3\u0142 oraz przedszkoli, spotkania z policj\u0105, prelekcje n\/t zdrowia i bezpiecze\u0144stwa finansowego, spotkania z podr\u00f3\u017cnikiem. Organizowane we w\u0142asnym zakresie loterie fantowe, konkursy wiedzy, swojej tw\u00f3rczo\u015bci literackiej, udzia\u0142 w miejskich imprezach dla senior\u00f3w<\/p>\n\n\n\n<p class=\"has-vivid-red-color has-text-color\"><strong>Pi\u0105tek o godz. 14.00<\/strong><\/p>\n\n\n\n<p class=\"has-text-align-center\">&#8212;&#8212;&#8212;&#8212;&#8212;&#8212;&#8212;&#8212;&#8212;&#8212;&#8212;&#8212;&#8212;&#8212;&#8212;&#8212;&#8212;&#8212;&#8212;&#8212;&#8212;&#8212;&#8212;&#8212;&#8212;&#8212;&#8212;&#8212;&#8212;&#8212;&#8212;&#8212;&#8212;&#8212;&#8212;&#8212;&#8211;<\/p>\n\n\n\n<p class=\"has-medium-font-size\"><strong>Wystawy malarstwa, rysunku i szkic\u00f3w artyst\u00f3w nieprofesjonalnych<\/strong><\/p>\n\n\n\n<p class=\"has-medium-font-size\">Zach\u0119camy mieszka\u0144c\u00f3w do skorzystania z okazji zaprezentowania swej tw\u00f3rczo\u015bci w klubie. Otwarcie wystawy jest poprzedzone wernisa\u017cem, na kt\u00f3ry zapraszani s\u0105 znajomi i przyjaciele tw\u00f3rc\u00f3w oraz mi\u0142o\u015bnicy sztuki.<\/p>\n\n\n\n<p class=\"has-vivid-red-color has-text-color\"><strong>Zwiedzanie w czasie pracy plac\u00f3wki<\/strong><\/p>\n\n\n\n<p class=\"has-text-align-center\">&#8212;&#8212;&#8212;&#8212;&#8212;&#8212;&#8212;&#8212;&#8212;&#8212;&#8212;&#8212;&#8212;&#8212;&#8212;&#8212;&#8212;&#8212;&#8212;&#8212;&#8212;&#8212;&#8212;&#8212;&#8212;&#8212;&#8212;&#8212;&#8212;&#8212;&#8212;&#8212;&#8212;&#8212;&#8212;&#8212;&#8211;<\/p>\n\n\n\n<p class=\"has-medium-font-size\"><strong>Ekspozycje dzie\u0142 i okaz\u00f3w kolekcjonerskich<\/strong><\/p>\n\n\n\n<p class=\"has-medium-font-size\">r\u0119kodzie\u0142a, miniatur przedmiot\u00f3w ozdobnych i u\u017cytkowych, modeli, widok\u00f3wek, znaczk\u00f3w, etykiet, kartek okoliczno\u015bciowych, fotografii, medali i odznacze\u0144 i innych<\/p>\n\n\n\n<p class=\"has-vivid-red-color has-text-color\"><strong>Zwiedzanie w czasie pracy plac\u00f3wki<\/strong><\/p>\n\n\n\n<p class=\"has-text-align-center\">&#8212;&#8212;&#8212;&#8212;&#8212;&#8212;&#8212;&#8212;&#8212;&#8212;&#8212;&#8212;&#8212;&#8212;&#8212;&#8212;&#8212;&#8212;&#8212;&#8212;&#8212;&#8212;&#8212;&#8212;&#8212;&#8212;&#8212;&#8212;&#8212;&#8212;&#8212;&#8212;&#8212;&#8212;&#8212;&#8212;&#8211;<\/p>\n\n\n\n<p class=\"has-medium-font-size\">Organizacja zebra\u0144 mieszka\u0144c\u00f3w, dzia\u0142kowc\u00f3w, Rady Nadzorczej Sp\u00f3\u0142dzielni i jej komisji,  szkole\u0144, pokaz\u00f3w , wynajem sal na spotkania i uroczysto\u015bci rodzinne<\/p>\n","protected":false},"excerpt":{"rendered":"<p>KONTAKT, PLAN I HARMONOGRAM ZAJ\u0118\u0106 Siedziba &#8211; pawilon przy ul. Witosa 17 Godziny pracy klubu : Poniedzia\u0142ek &#8211; 9.00 &#8211; 20.00 Wtorek &#8211; 9.00 &#8211; 20.00 \u015aroda &#8211; 11.00 &#8211; 20.00 Czwartek &#8211; 11.00 &#8211; 20.00 Pi\u0105tek &#8211; 12.00 &#8211; 18.00 Telefon &#8211; 32 254 75 41 &#8212;&#8212;&#8212;&#8212;&#8212;&#8212;&#8212;&#8212;&#8212;&#8212;&#8212;&#8212;&#8212;&#8212;&#8212;&#8212;&#8212;&#8212;&#8212;&#8212;&#8212;&#8212;&#8212;&#8212;&#8212;&#8212;&#8212;&#8212;&#8212;&#8212;&#8212;- Zaj\u0119cia dla dzieci szkolnych w ramach &#8222;Akcji Lato 2026&#8221; w czasie wakacji w miesi\u0105cu sierpniu. Atrakcyjny wypoczynek i zabawa dla tych, kt\u00f3rzy&hellip; <\/p>\n","protected":false},"author":1,"featured_media":0,"parent":117,"menu_order":0,"comment_status":"closed","ping_status":"closed","template":"","meta":{"footnotes":""},"class_list":["post-547","page","type-page","status-publish","hentry"],"_links":{"self":[{"href":"https:\/\/zaleskahalda.pl\/index.php\/wp-json\/wp\/v2\/pages\/547","targetHints":{"allow":["GET"]}}],"collection":[{"href":"https:\/\/zaleskahalda.pl\/index.php\/wp-json\/wp\/v2\/pages"}],"about":[{"href":"https:\/\/zaleskahalda.pl\/index.php\/wp-json\/wp\/v2\/types\/page"}],"author":[{"embeddable":true,"href":"https:\/\/zaleskahalda.pl\/index.php\/wp-json\/wp\/v2\/users\/1"}],"replies":[{"embeddable":true,"href":"https:\/\/zaleskahalda.pl\/index.php\/wp-json\/wp\/v2\/comments?post=547"}],"version-history":[{"count":89,"href":"https:\/\/zaleskahalda.pl\/index.php\/wp-json\/wp\/v2\/pages\/547\/revisions"}],"predecessor-version":[{"id":11095,"href":"https:\/\/zaleskahalda.pl\/index.php\/wp-json\/wp\/v2\/pages\/547\/revisions\/11095"}],"up":[{"embeddable":true,"href":"https:\/\/zaleskahalda.pl\/index.php\/wp-json\/wp\/v2\/pages\/117"}],"wp:attachment":[{"href":"https:\/\/zaleskahalda.pl\/index.php\/wp-json\/wp\/v2\/media?parent=547"}],"curies":[{"name":"wp","href":"https:\/\/api.w.org\/{rel}","templated":true}]}}